{"id":752,"date":"2018-08-30T15:41:43","date_gmt":"2018-08-30T18:41:43","guid":{"rendered":"https:\/\/isef-crr.infd.edu.ar\/sitio\/historia\/"},"modified":"2020-03-20T13:58:52","modified_gmt":"2020-03-20T16:58:52","slug":"historia","status":"publish","type":"page","link":"https:\/\/isef-crr.infd.edu.ar\/sitio\/historia\/","title":{"rendered":"Historia"},"content":{"rendered":"<p style=\"text-align: center;\"><span style=\"font-size: small; color: #cc6600; font-family: arial,helvetica,sans-serif;\"><strong>\u00a0\u00a0 <\/strong><\/span><span style=\"font-size: small;\"><strong><span style=\"color: #3366ff; font-family: Arial;\">Breve Rese\u00f1a Hist\u00f3rica de la Instituci\u00f3n<\/span><\/strong><\/span><\/p>\n<p style=\"text-align: justify;\"><strong><span style=\"font-family: Arial;\"><span style=\"font-size: small; color: #3366ff;\">El Instituto Superior de Educaci\u00f3n F\u00edsica es una Instituci\u00f3n de\u00a0Formaci\u00f3n Docente, con caracter\u00edsticas de estudio de nivel Terciario, fundado como profesorado de Educaci\u00f3n F\u00edsica, el 11 de Septiembre de 1970, por decreto N\u00ba 3176. Como una oferta del\u00a0 mas del Instituto Superior de Formaci\u00f3n Docente N\u00ba 1. Se crea por la necesidad de cubrir espacios del \u00e1rea especifica de Educaci\u00f3n F\u00edsica en el \u00e1mbito escolar, ya que se realizaron aperturas en las escuelas de nivel inicial y primario, que se anexaron a las existentes en el nivel secundario, asimismo se abrieron oportunidades en el \u00e1mbito social, en los Centros de Educaci\u00f3n F\u00edsica<span style=\"mso-spacerun: yes;\">\u00a0 <\/span>y de deportes, clubes y gimnasios.<\/span><\/span><\/strong><\/p>\n<p style=\"text-align: justify;\"><strong><span style=\"font-family: Arial;\"><span style=\"font-size: small;\"><span style=\"color: #3366ff;\"><span style=\"mso-spacerun: yes;\">\u00a0<\/span><span style=\"mso-spacerun: yes;\">\u00a0<\/span>Conten\u00eda un plan de estudio igualitario a los dem\u00e1s Institutos de Educaci\u00f3n F\u00edsica del pa\u00eds, aprobado por Decreto Nacional N\u00ba 3242\/67 y homologado por Decreto Ministerial Provincial N\u00ba 150\/76, con una duraci\u00f3n de tres a\u00f1os, otorgando el titulo de Profesor de Educaci\u00f3n F\u00edsica, adem\u00e1s de un titulo intermedio (al finalizar el segundo a\u00f1o de estudio) de Maestro Especial de Educaci\u00f3n F\u00edsica, dicho plan de estudio sufri\u00f3 varias modificaciones con el objeto de modificar el nivel acad\u00e9mico, en 1980, por Decreto 4158\/80, se amplia la carrera a cuatro a\u00f1os, otorgando los mismos t\u00edtulos, uno al finalizar el cuarto a\u00f1o y el otro al finalizar el tercer a\u00f1o. <\/span><\/span><\/span><\/strong><\/p>\n<p style=\"text-align: justify;\"><strong><span style=\"font-family: Arial;\"><span style=\"font-size: small; color: #3366ff;\">Los pioneros de la Educaci\u00f3n F\u00edsica provincial eran muy pocos, se tuvieron que formar en otras Instituciones de otras provincias como Buenos Aires, Santa Fe, C\u00f3rdoba, Mendoza, porque en esta provincia no exist\u00eda la oferta. Ellos<span style=\"mso-spacerun: yes;\">\u00a0 <\/span>se integraron en la Asociaci\u00f3n de Profesores de Educaci\u00f3n F\u00edsica, en 1949, fueron entusiasta y decidieron jerarquizar la profesi\u00f3n, crearon la Direcci\u00f3n General de Educaci\u00f3n F\u00edsica, seg\u00fan ley<span style=\"mso-spacerun: yes;\">\u00a0 <\/span>N\u00ba 2553, del 9 de julio de 1965, la Direcci\u00f3n de Deportes y por Decreto N\u00ba 4555 del 17 de octubre de 1977, crean el Instituto Superior de Educaci\u00f3n f\u00edsica, independiz\u00e1ndose del Instituto Superior de Formaci\u00f3n Docente N\u00ba 1y pasando a depender de la D.G.E.F. hasta nuestros d\u00edas.<\/span><\/span><\/strong><\/p>\n<p style=\"text-align: justify;\"><strong><span style=\"font-family: Arial;\"><span style=\"font-size: small; color: #3366ff;\">El I.S.E.F Tuvo que sufrir, entre otros aspectos, la falta de infraestructuras propias, deambulando por varios espacios, pero actualmente cuenta con su propia casa, con instalaciones adecuadas y dignas al nivel pretendido. <\/span><\/span><\/strong><\/p>\n<p style=\"text-align: justify;\"><span style=\"color: #3366ff;\">\u00a0<\/span><\/p>\n","protected":false},"excerpt":{"rendered":"<p>\u00a0\u00a0 Breve Rese\u00f1a Hist\u00f3rica de la Instituci\u00f3n El Instituto Superior de Educaci\u00f3n F\u00edsica es una Instituci\u00f3n de\u00a0Formaci\u00f3n Docente, con caracter\u00edsticas de estudio de nivel Terciario, fundado como profesorado de Educaci\u00f3n F\u00edsica, el 11 de Septiembre de 1970, por decreto N\u00ba 3176. Como una oferta del\u00a0 mas del Instituto Superior de Formaci\u00f3n Docente N\u00ba 1. Se &#8230; <a title=\"Historia\" class=\"read-more\" href=\"https:\/\/isef-crr.infd.edu.ar\/sitio\/historia\/\" aria-label=\"More on Historia\">[+]<\/a><\/p>\n","protected":false},"author":321,"featured_media":0,"parent":0,"menu_order":0,"comment_status":"closed","ping_status":"closed","template":"","meta":[],"acf":[],"_links":{"self":[{"href":"https:\/\/isef-crr.infd.edu.ar\/sitio\/wp-json\/wp\/v2\/pages\/752"}],"collection":[{"href":"https:\/\/isef-crr.infd.edu.ar\/sitio\/wp-json\/wp\/v2\/pages"}],"about":[{"href":"https:\/\/isef-crr.infd.edu.ar\/sitio\/wp-json\/wp\/v2\/types\/page"}],"author":[{"embeddable":true,"href":"https:\/\/isef-crr.infd.edu.ar\/sitio\/wp-json\/wp\/v2\/users\/321"}],"replies":[{"embeddable":true,"href":"https:\/\/isef-crr.infd.edu.ar\/sitio\/wp-json\/wp\/v2\/comments?post=752"}],"version-history":[{"count":2,"href":"https:\/\/isef-crr.infd.edu.ar\/sitio\/wp-json\/wp\/v2\/pages\/752\/revisions"}],"predecessor-version":[{"id":798,"href":"https:\/\/isef-crr.infd.edu.ar\/sitio\/wp-json\/wp\/v2\/pages\/752\/revisions\/798"}],"wp:attachment":[{"href":"https:\/\/isef-crr.infd.edu.ar\/sitio\/wp-json\/wp\/v2\/media?parent=752"}],"curies":[{"name":"wp","href":"https:\/\/api.w.org\/{rel}","templated":true}]}}